{"id":578,"date":"2023-11-09T17:42:45","date_gmt":"2023-11-09T15:42:45","guid":{"rendered":"https:\/\/www.primariavlahita.ro\/?page_id=578"},"modified":"2024-04-17T15:16:41","modified_gmt":"2024-04-17T12:16:41","slug":"helyi-adok-es-illetekek","status":"publish","type":"page","link":"https:\/\/www.primariavlahita.ro\/hu\/kozerdeku-informaciok\/helyi-adok-es-illetekek\/","title":{"rendered":"Helyi ad\u00f3k \u00e9s illet\u00e9kek"},"content":{"rendered":"\n<h2 class=\"wp-block-heading margin-bottom-30\">AD\u00d3K \u00c9S ILLET\u00c9KEK\u00a0 2021<\/h2>\n\n\n\n<p><em>A helyi ad\u00f3k \u00e9s illet\u00e9kek, ami a 2020\/102-es tan\u00e1cshat\u00e1rozattal lett elfogadva a k\u00f6vetkez\u0151k:<\/em><\/p>\n\n\n\n<ul class=\"wp-block-list\">\n<li>a.) \u00e9p\u00fcletad\u00f3<\/li>\n\n\n\n<li>b.) telekad\u00f3<\/li>\n\n\n\n<li>c.) g\u00e9pj\u00e1rm\u0171ad\u00f3<\/li>\n\n\n\n<li>d.) bizony\u00edtv\u00e1nyok, v\u00e9lem\u00e9nyez\u00e9sek \u00e9s enged\u00e9lyez\u00e9sek kibocs\u00e1jt\u00e1si illet\u00e9ke<\/li>\n\n\n\n<li>e.) rekl\u00e1m- \u00e9s hirdet\u0151eszk\u00f6z haszn\u00e1lati illet\u00e9k<\/li>\n\n\n\n<li>f.) az el\u0151ad\u00e1sok \u00e9s sz\u00f3rakoztat\u00f3 esem\u00e9nyek bel\u00e9p\u00e9si d\u00edjainak illet\u00e9ke<\/li>\n\n\n\n<li>g.) k\u00f6z\u00e9lelmez\u00e9si illet\u00e9k<\/li>\n\n\n\n<li>h.) speci\u00e1lis illet\u00e9kek<\/li>\n\n\n\n<li>i.) speci\u00e1lis szolg\u00e1ltat\u00e1si \u00e9s hat\u00f3s\u00e1gi \u00fcgyint\u00e9z\u00e9si illet\u00e9kek-\u00a0<strong>v\u00e1ltoz\u00e1s a 2020-as \u00e9vhez k\u00e9pest: az ad\u00f3 igazol\u00e1s ellen\u00e9rt\u00e9ke 5 lej\/igazol\u00e1s<\/strong><\/li>\n\n\n\n<li>j.) b\u00e9lyegillet\u00e9k<\/li>\n<\/ul>\n\n\n\n<p><em>Ad\u00f3befizet\u00e9si hat\u00e1rid\u0151k:<br><strong>&#8211; els\u0151 f\u00e9l\u00e9vi ad\u00f3 befizet\u00e9s\u00e9nek hat\u00e1rideje: m\u00e1rcius 31<\/strong><br><strong>&#8211; m\u00e1sodik f\u00e9l\u00e9vi ad\u00f3 befizet\u00e9s\u00e9nek hat\u00e1rideje: szeptember 30<\/strong><\/em><\/p>\n\n\n\n<p><em>A hat\u00e1rid\u0151k ut\u00e1ni befizet\u00e9s eset\u00e9ben havi 1%-os k\u00e9sedelmi kamat sz\u00e1mol\u00f3dik.<\/em><\/p>\n\n\n\n<h3 class=\"wp-block-heading margin-top-30 margin-bottom-30\">AD\u00d3KEDVEZM\u00c9NY 2021<\/h3>\n\n\n\n<ul class=\"wp-block-list\">\n<li><em>fizikai szem\u00e9lyek 10%- os, jogi szem\u00e9lyek 5%-os, ad\u00f3kedvezm\u00e9nyben r\u00e9szes\u00fclnek, amennyiben m\u00e1rcius 31-ig kifizetik az eg\u00e9sz \u00e9vi ad\u00f3t.<\/em><\/li>\n\n\n\n<li><em>I \u00e9s II fokozat\u00fa rokkantnyugd\u00edjasok 100 % ad\u00f3kedvezm\u00e9nyben r\u00e9szes\u00fclnek<\/em><\/li>\n\n\n\n<li><em>veter\u00e1nok vagy \u00f6zvegyeik 100 % ad\u00f3kedvezm\u00e9nyben r\u00e9szes\u00fclnek<\/em><\/li>\n\n\n\n<li><em>forradalm\u00e1rok, politikai \u00fcld\u00f6z\u00f6ttek 100 % ad\u00f3kedvezm\u00e9nyben r\u00e9szes\u00fclnek<\/em><\/li>\n\n\n\n<li><em>egy\u00e9b kateg\u00f3ri\u00e1k a t\u00f6rv\u00e9ny \u00e9rtelm\u00e9ben<\/em><\/li>\n<\/ul>\n\n\n\n<h4 class=\"wp-block-heading margin-top-30 margin-bottom-30\">Belter\u00fcleten be\u00e9p\u00edtett \u00e9s be\u00e9p\u00edthet\u0151 telekad\u00f3:<\/h4>\n\n\n\n<figure class=\"wp-block-table\"><table><tbody><tr><td><strong><em>Z\u00f3na<\/em><\/strong><\/td><td colspan=\"2\"><strong><em>Szentegyh\u00e1za, Homor\u00f3df\u00fcrd\u0151, B\u00e1nyatelep<\/em><\/strong><\/td><\/tr><tr><td><strong>\u00c9v<\/strong><\/td><td><strong>2020 lei\/ha<\/strong><\/td><td><strong>2021 lei\/ha<\/strong><\/td><\/tr><tr><td>A<\/td><td>7.530<\/td><td>7.530<\/td><\/tr><tr><td>B<\/td><td>5.117<\/td><td>5.117<\/td><\/tr><tr><td>C<\/td><td>2.431<\/td><td>2.431<\/td><\/tr><tr><td>D<\/td><td>1.415<\/td><td>1.415<\/td><\/tr><\/tbody><\/table><\/figure>\n\n\n\n<p><em>Szentegyh\u00e1za mint v\u00e1ros rangsorol\u00e1s szerint a III kateg\u00f3ri\u00e1ba tartozik,&nbsp;<\/em><em>n\u00e9gy z\u00f3n\u00e1ra felosztva (A,B,C \u00e9s D) B\u00e1nyatelep \u00e9s Homor\u00f3d f\u00fcrd\u0151 mint komponens telep\u00fcl\u00e9sek pedig szint\u00e9n a III kateg\u00f3ria, D illetve C z\u00f3n\u00e1kba.<\/em><\/p>\n\n\n\n<h4 class=\"wp-block-heading margin-top-30 margin-bottom-30\">Belter\u00fclethez tartoz\u00f3 \u00e9p\u00edtm\u00e9ny n\u00e9lk\u00fcli telekad\u00f3:<\/h4>\n\n\n\n<figure class=\"wp-block-table\"><table><tbody><tr><td><\/td><td><strong><em>Z\u00f3na<\/em><\/strong><\/td><td><strong>A<\/strong><\/td><td><strong>B<\/strong><\/td><td><strong>C<\/strong><\/td><td><strong>D<\/strong><\/td><\/tr><tr><td><\/td><td><strong><em>Felhaszn\u00e1l\u00e1si kateg\u00f3ria<\/em><\/strong><\/td><td><strong><em>&nbsp;lei\/ha<\/em><\/strong><\/td><td><strong><em>lei\/ha<\/em><\/strong><\/td><td><strong><em>lei\/ha<\/em><\/strong><\/td><td><strong><em>lei\/ha<\/em><\/strong><\/td><\/tr><tr><td><em>1.<\/em><\/td><td><em>Sz\u00e1nt\u00f3f\u00f6ld<\/em><\/td><td><em>99<\/em><\/td><td><em>75<\/em><\/td><td><em>69<\/em><\/td><td><em>54<\/em><\/td><\/tr><tr><td><em>2.<\/em><\/td><td><em>Legel\u0151<\/em><\/td><td><em>75<\/em><\/td><td><em>69<\/em><\/td><td><em>54<\/em><\/td><td><em>48<\/em><\/td><\/tr><tr><td><em>3.<\/em><\/td><td><em>Kasz\u00e1l\u00f3<\/em><\/td><td><em>75<\/em><\/td><td><em>69<\/em><\/td><td><em>55<\/em><\/td><td><em>48<\/em><\/td><\/tr><tr><td><em>4.<\/em><\/td><td><em>Sz\u0151l\u0151skert<\/em><\/td><td><em>168<\/em><\/td><td><em>129<\/em><\/td><td><em>99<\/em><\/td><td><em>69<\/em><\/td><\/tr><tr><td><em>5.<\/em><\/td><td><em>Gy\u00fcm\u00f6lcs\u00f6skert<\/em><\/td><td><em>192<\/em><\/td><td><em>174<\/em><\/td><td><em>129<\/em><\/td><td><em>99<\/em><\/td><\/tr><tr><td><em>6.<\/em><\/td><td><em>Erd\u0151<\/em><\/td><td><em>99<\/em><\/td><td><em>75<\/em><\/td><td><em>69<\/em><\/td><td><em>54<\/em><\/td><\/tr><\/tbody><\/table><\/figure>\n\n\n\n<h4 class=\"wp-block-heading margin-top-30 margin-bottom-30\">K\u00fclter\u00fcletre az ad\u00f3 a k\u00f6vetkez\u0151k\u00e9ppen sz\u00e1mol\u00f3dik:<\/h4>\n\n\n\n<figure class=\"wp-block-table\"><table><tbody><tr><td>&nbsp;<\/td><td><strong><em>Z\u00f3na<\/em><\/strong><\/td><td><strong>A<\/strong><\/td><td><strong>B<\/strong><\/td><td><strong>C<\/strong><\/td><td><strong>D<\/strong><\/td><\/tr><tr><td><\/td><td><strong>Felhaszn\u00e1l\u00e1si kateg\u00f3ria<\/strong><\/td><td><strong>&nbsp;lei\/ha<\/strong><\/td><td><strong>lei\/ha<\/strong><\/td><td><strong>lei\/ha<\/strong><\/td><td><strong>lei\/ha<\/strong><\/td><\/tr><tr><td><em>1.<\/em><\/td><td><em>\u00c9p\u00edt\u00e9si telek<\/em><\/td><td><em>71<\/em><\/td><td><em>68<\/em><\/td><td>65<\/td><td>62<\/td><\/tr><tr><td><em>2.<\/em><\/td><td><em>Sz\u00e1nt\u00f3f\u00f6ld<\/em><\/td><td><em>120<\/em><\/td><td><em>114<\/em><\/td><td>109<\/td><td>104<\/td><\/tr><tr><td><em>3.<\/em><\/td><td><em>Legel\u0151<\/em><\/td><td><em>64<\/em><\/td><td><em>62<\/em><\/td><td>59<\/td><td>56<\/td><\/tr><tr><td><em>4.<\/em><\/td><td><em>Kasz\u00e1l\u00f3<\/em><\/td><td><em>64<\/em><\/td><td><em>62<\/em><\/td><td>59<\/td><td>56<\/td><\/tr><tr><td><em>5.<\/em><\/td><td><em>Sz\u0151l\u0151skert<\/em><\/td><td><em>133<\/em><\/td><td><em>128<\/em><\/td><td>122<\/td><td>116<\/td><\/tr><tr><td><em>6.<\/em><\/td><td><em>Gy\u00fcm\u00f6lcs\u00f6skert<\/em><\/td><td><em>133<\/em><\/td><td><em>128<\/em><\/td><td>122<\/td><td>116<\/td><\/tr><tr><td><em>7.<\/em><\/td><td><em>Erd\u0151<\/em><\/td><td><em>35<\/em><\/td><td><em>33<\/em><\/td><td>32<\/td><td>30<\/td><\/tr><tr><td><em>8.<\/em><\/td><td><em>Hal\u00e1szati<\/em><\/td><td><em>16<\/em><\/td><td><em>11<\/em><\/td><td>11<\/td><td>10<\/td><\/tr><tr><td><em>9.<\/em><\/td><td><em>Halteny\u00e9szeti<\/em><\/td><td><em>76<\/em><\/td><td><em>73<\/em><\/td><td>69<\/td><td>66<\/td><\/tr><\/tbody><\/table><\/figure>\n\n\n\n<h4 class=\"wp-block-heading margin-top-30 margin-bottom-30\">G\u00e9pj\u00e1rm\u0171ad\u00f3 a k\u00f6vetkez\u0151k\u00e9ppen sz\u00e1mol\u00f3dik:<\/h4>\n\n\n\n<figure class=\"wp-block-table\"><table><tbody><tr><td><strong>T\u00edpus<\/strong><\/td><td><strong>Lei\/200 cm\u00b3<\/strong><\/td><\/tr><tr><td><em>Szem\u00e9lyg\u00e9pkocsi, motor, motorbicikli 1600 cm<\/em><em>\u00b3-ig<\/em><\/td><td>9<\/td><\/tr><tr><td><em>Motor, motorbicikli 1600 cm<\/em><em>\u00b3 felett<\/em><\/td><td>10<\/td><\/tr><tr><td><em>Szem\u00e9lyg\u00e9pkocsi 1601-2000 cm<\/em><em>\u00b3 k\u00f6z\u00f6tt<\/em><\/td><td>23<\/td><\/tr><tr><td><em>Szem\u00e9lyg\u00e9pkocsi 2001-2600 cm<\/em><em>\u00b3 k\u00f6z\u00f6tt<\/em><\/td><td>91<\/td><\/tr><tr><td><em>Szem\u00e9lyg\u00e9pkocsi 2601-3000 cm<\/em><em>\u00b3 k\u00f6z\u00f6tt<\/em><\/td><td>183<\/td><\/tr><tr><td><em>Szem\u00e9lyg\u00e9pkocsi 3001cm<\/em><em>\u00b3 felett<\/em><\/td><td>367<\/td><\/tr><tr><td><em>Aut\u00f3busz, mikrobusz<\/em><\/td><td>30<\/td><\/tr><tr><td><em>Haszong\u00e9pj\u00e1rm\u0171vek 12 tonn\u00e1ig<\/em><\/td><td>38<\/td><\/tr><tr><td><em>Forgalomba be\u00edrt traktorok<\/em><\/td><td>23<\/td><\/tr><tr><td><em>S\u00e1rga rendsz\u00e1mmal rendelkez\u0151 traktorok<\/em><\/td><td>63 lei\/\u00e9v<\/td><\/tr><\/tbody><\/table><\/figure>\n\n\n\n<h4 class=\"wp-block-heading has-text-align-center\">Let\u00f6lthet\u0151 dokumentum:<\/h4>\n\n\n\n<p class=\"has-text-align-center\"><a href=\"https:\/\/www.primariavlahita.ro\/dok\/hcl_2020\/hcl-102-2020.pdf\" target=\"_blank\" rel=\"noreferrer noopener\">Helyi ad\u00f3k &#8211; 2021<\/a><\/p>\n\n\n\n<p class=\"has-text-align-center\"><a href=\"https:\/\/www.primariavlahita.ro\/dok\/ado2021_anexa.zip\">Helyi ad\u00f3k &#8211; 2021 mell\u00e9klet<\/a><\/p>\n","protected":false},"excerpt":{"rendered":"<p>AD\u00d3K \u00c9S ILLET\u00c9KEK\u00a0 2021 A helyi ad\u00f3k \u00e9s illet\u00e9kek, ami a 2020\/102-es tan\u00e1cshat\u00e1rozattal lett elfogadva a k\u00f6vetkez\u0151k: Ad\u00f3befizet\u00e9si hat\u00e1rid\u0151k:&#8211; els\u0151 f\u00e9l\u00e9vi ad\u00f3 befizet\u00e9s\u00e9nek hat\u00e1rideje: m\u00e1rcius 31&#8211;<span class=\"excerpt-hellip\"> [\u2026]<\/span><\/p>\n","protected":false},"author":1,"featured_media":0,"parent":572,"menu_order":0,"comment_status":"closed","ping_status":"closed","template":"","meta":{"footnotes":""},"class_list":["post-578","page","type-page","status-publish","hentry"],"_links":{"self":[{"href":"https:\/\/www.primariavlahita.ro\/hu\/wp-json\/wp\/v2\/pages\/578","targetHints":{"allow":["GET"]}}],"collection":[{"href":"https:\/\/www.primariavlahita.ro\/hu\/wp-json\/wp\/v2\/pages"}],"about":[{"href":"https:\/\/www.primariavlahita.ro\/hu\/wp-json\/wp\/v2\/types\/page"}],"author":[{"embeddable":true,"href":"https:\/\/www.primariavlahita.ro\/hu\/wp-json\/wp\/v2\/users\/1"}],"replies":[{"embeddable":true,"href":"https:\/\/www.primariavlahita.ro\/hu\/wp-json\/wp\/v2\/comments?post=578"}],"version-history":[{"count":4,"href":"https:\/\/www.primariavlahita.ro\/hu\/wp-json\/wp\/v2\/pages\/578\/revisions"}],"predecessor-version":[{"id":856,"href":"https:\/\/www.primariavlahita.ro\/hu\/wp-json\/wp\/v2\/pages\/578\/revisions\/856"}],"up":[{"embeddable":true,"href":"https:\/\/www.primariavlahita.ro\/hu\/wp-json\/wp\/v2\/pages\/572"}],"wp:attachment":[{"href":"https:\/\/www.primariavlahita.ro\/hu\/wp-json\/wp\/v2\/media?parent=578"}],"curies":[{"name":"wp","href":"https:\/\/api.w.org\/{rel}","templated":true}]}}